{"id":2,"date":"2009-01-09T13:54:51","date_gmt":"2009-01-09T12:54:51","guid":{"rendered":"http:\/\/dirk-moldt.de.dd21338.kasserver.com\/?page_id=2"},"modified":"2024-08-01T11:08:57","modified_gmt":"2024-08-01T09:08:57","slug":"ueber-mich","status":"publish","type":"page","link":"http:\/\/www.dirk-moldt.de\/?page_id=2","title":{"rendered":"\u00dcber mich"},"content":{"rendered":"<p class=\"MsoNormal\" style=\"text-align: justify;\"><strong>Wichtigste Etappen meiner beruflichen Entwicklung:<\/strong><\/p>\n<p class=\"GZ\" style=\"text-align: justify;\"><!-- [if !supportEmptyParas]--> <!--[endif]--><\/p>\n<p>\u00a0<\/p>\n<p>2023\/24<\/p>\n<p>Ausstellung: <strong><a href=\"https:\/\/museum-lichtenberg.de\/index.php\/angebote\/ausstellungen\/1002-ausstellung-die-letzte-parade\">Die letzte Parade. 30 Jahre Abzug der russischen Truppen aus Berlin<\/a><\/strong>, Kuration zusammen mit Dr. Ricardo Neuner, Museum Lichtenberg\u00a0<\/p>\n<p>Ausstellung: <a href=\"https:\/\/fhzz.de\/40-jahre-malaktion-im-storkower-tunnel\/\"><strong>&#8222;So konnte sie nicht bleiben!&#8220; 40 Jahre Malaktion im Storkower Tunnel<\/strong><\/a>, Kuration zusammen mit Katrin Siebeck (Idee und k\u00fcnstlerische Leitung, Portr\u00e4ts der Tunnelmalerinnen und -maler) und Anne-Isabelle Zils (Audioinstallation, Audiofeature), Friedrichshainer Zeitzeiger, Hedwig-Wachenheim-Gesellschaft \/\u00a0 Jugend[widerstands]museum Galil\u00e4a, Berliner Beauftragter zur Aufarbeitung der SED-Diktatur\u00a0\u00a0<\/p>\n<p><span style=\"color: #000000;\"><a href=\"https:\/\/peoples-berlin.com\/\"><strong>People`s Berlin<\/strong><\/a>, 800 Jahre Geschichte von unten. Neue Arbeitsgemeinschaft f\u00fcr Zeitgeschichte + SozioAnalysen e.V., Beratung, Texte<\/span><\/p>\n<p>\u00a0<\/p>\n<p>2022\/23<\/p>\n<p>Ausstellung: <strong><a href=\"https:\/\/www.museum-lichtenberg.de\/index.php\/angebote\/ausstellungen\/996-ausstellung-erinnern-in-lichtenberg\">Erinnern in Lichtenberg<\/a><\/strong>, Kuration zusammen mit Dr. Margret Kampmeyer-K\u00e4ding und Tomas Irmer, Museum Lichtenberg\u00a0<\/p>\n<p>Ausstellung: <strong><a href=\"https:\/\/www.museum-lichtenberg.de\/index.php\/angebote\/ausstellungen\/964-2022-ausstellung-111-jahre-sparta-lichtenberg\">&#8222;111 Jahre Sparta Lichtenberg \u2013 Eine Wiege des deutschen Arbeitersports&#8220;<\/a><\/strong>, Kuration zusammen mit Frank Willmann, Projektleitung<\/p>\n<p><strong><a href=\"https:\/\/fhzz.de\/das-studio-otto-nagel\/\">Digitalisierungsprojekt: Studio Otto Nagel<\/a><\/strong>, Zeitzeiger Berlin in Kooperation mit dem FHXB-Museum und der Berliner Senatsverwaltung f\u00fcr Kultur und Europa, Projektleitung<\/p>\n<p>\u00a0<\/p>\n<p>2022<\/p>\n<p>seit 2022: <a href=\"https:\/\/crossroads-berlin.com\/\"><strong>Fachbeirat Crossroads &#8211; Berlin mit anderen Augen<\/strong>.<\/a><\/p>\n<p>Ausstellung: <strong><a href=\"https:\/\/www.museum-lichtenberg.de\/index.php\/angebote\/archiv\/74-ausstellungsarchiv\/960-2022-juedische-spuren-in-lichtenberg\">&#8222;J\u00fcdische Spuren in Lichtenberg&#8220;<\/a><\/strong>, 12. Mai bis 26. Juni 2022, Kuratorin Dr. Margret Kampmeyer-K\u00e4ding, Mitarbeit, Museum Lichtenberg<\/p>\n<p>Ausstellung: <strong><a href=\"https:\/\/www.museum-lichtenberg.de\/index.php\/angebote\/archiv\/74-ausstellungsarchiv\/960-2022-juedische-spuren-in-lichtenberg\">&#8222;Zusammenhalt in Vielfalt \u2013 J\u00fcdischer Alltag in Deutschland&#8220;<\/a><\/strong>, 1. April bis 8. Mai 2022, Fotoausstellung, in Kooperation mit der Initiative kulturelle Integration vom Deutschen Kulturrat e.V., Mitarbeit, Museum Lichtenberg<\/p>\n<p>\u00a0<\/p>\n<p>2021 &#8211; 2023<\/p>\n<p><strong>Mitglied der Fachkommission<\/strong> des Bezirks Pankow zur historisch-kritischen Kommentierung des Ernst-Th\u00e4lmann-Denkmals zur Ausarbeitung von Empfehlungen zum Verst\u00e4ndnis des Denkmalensembles von Wohnviertel, Park und Denkmal<\/p>\n<p>Mitglied des Fachbeirats: <strong><a href=\"https:\/\/www.galilaea-partizipativ.eu\/\">&#8222;Galil\u00e4a Partizipativ&#8220;<\/a><\/strong>, Jugend[widerstands]museum Galil\u00e4a<\/p>\n<p><a href=\"https:\/\/fhzz.de\/tag\/nicht-ohne-grund-untergrund\/\"><strong>Veranstaltungsreihe: \u201eNicht ohne Grund: Untergrund!\u201c<\/strong><\/a>, Zeitzeiger Berlin e.V., Projektleitung<\/p>\n<p>\u00a0<\/p>\n<p>2021\/22<\/p>\n<p><a href=\"https:\/\/fhzz.de\/tag\/nicht-ohne-grund-untergrund\/\"><strong>Nicht ohne Grund: Untergrund! Eine Testreihe zu Leerstellen in der Zeitgeschichte<\/strong><\/a>. Zeitzeiger Berlin, Directors Lounge, Projektleiter<\/p>\n<p>\u00a0<\/p>\n<p>2020\/21<\/p>\n<p>Zwei Ausstellungen: <strong><a href=\"https:\/\/besetzensowieso.de\/\">\u201eH\u00e4user besetzen sowieso!\u201c<\/a><\/strong> Projektraum &#8222;Alte Feuerwache&#8220; sowie Haus f\u00fcr Demokratie und Menschenrechte, Projektleitung, Texte und Dokumentation, Zeitzeiger Berlin<\/p>\n<p>\u00a0<\/p>\n<p class=\"GZ\" style=\"text-align: left;\">2019\/20<\/p>\n<p class=\"GZ\" style=\"text-align: left;\"><a href=\"https:\/\/fhzz.de\/category\/un-orte\/verschwundene-orte\/\"><strong>Verschwundene Orte. Eine Mini-Fotoausstellung f\u00fcr alle.<\/strong><\/a> Zeitzeiger Berlin e.V.<\/p>\n<p>\u00a0<\/p>\n<p class=\"GZ\" style=\"text-align: left;\">2018 &#8211; 2021<\/p>\n<p class=\"GZ\" style=\"text-align: left;\"><a href=\"https:\/\/www.humboldtforum.org\/de\/programm\/dauerangebot\/ausstellung\/berlin-global-14140\/\"><strong>Berlin und die Welt<\/strong><\/a> &#8211; Ausstellung des Landes Berlin im Humboldtforum &#8211; Critical Freind, Drehbuch f\u00fcr das Team Revolution<\/p>\n<p>\u00a0<\/p>\n<p class=\"GZ\" style=\"text-align: left;\">2017<\/p>\n<p class=\"GZ\" style=\"text-align: left;\"><a href=\"https:\/\/www.berlin.de\/ba-friedrichshain-kreuzberg\/politik-und-verwaltung\/bezirksverordnetenversammlung\/gedenktafelkommission\/\"><strong>Seit 2017 Mitglied der Gedenktafelkommission Friedrichhain-Kreuzberg von Berlin.<\/strong> <\/a><\/p>\n<p style=\"text-align: left;\"><a href=\"http:\/\/www.stralau.org\/docs\/geschichtspfad-stralau.pdf\"><strong>Auf, lasset uns nach Stralau gehn&#8230;<\/strong><\/a> &#8211; Ausstellung in der Dorfkirche Stralau und Geschichtspfad &#8211; Kurator, Objekt- und Bildrecherche, Texte<\/p>\n<p class=\"GZ\" style=\"text-align: left;\"><a href=\"http:\/\/www.museum-lichtenberg.de\/index.php\/angebote\/ausstellungen\/737-2017-ausstellung-die-ddr-im-kleinformat\"><strong>Die DDR im Kleinformat \u2013 Alltag und Diktatur in Stadtbezirk Berlin-Lichtenberg<\/strong><\/a> &#8211; Kurator, Objekt- und Bildrecherche, Texte, Museum Lichtenberg<\/p>\n<p>\u00a0<\/p>\n<p class=\"GZ\" style=\"text-align: justify;\">seit 2015<\/p>\n<p class=\"GZ\" style=\"text-align: justify;\"><strong>Sammlungsleiter im Museum Lichtenberg<\/strong> im Stadthaus<\/p>\n<p class=\"GZ\" style=\"text-align: justify;\"><strong><a href=\"http:\/\/fhzz.de\/\" target=\"_blank\" rel=\"noopener noreferrer\">Friedrichshainer Zeitzeiger<\/a><\/strong> &#8211; Stadtteilmagazin. Autor, Mitherausgeber.<\/p>\n<p>\u00a0<\/p>\n<p class=\"GZ\" style=\"text-align: justify;\">2017<\/p>\n<p class=\"GZ\" style=\"text-align: left;\"><a href=\"http:\/\/www.museum-lichtenberg.de\/index.php\/angebote\/veranstaltungen\/689-konzept-zukunft-ii-lichtenberger-gegenwart-sammeln\"><strong>Konzept Zukunft II &#8211; Museum Lichtenberg<\/strong><\/a> &#8211; Mitarbeit an der Neukonzeption der Dauerausstellung<\/p>\n<p>\u00a0<\/p>\n<p class=\"GZ\" style=\"text-align: left;\">2016<\/p>\n<p class=\"GZ\" style=\"text-align: left;\"><a href=\"http:\/\/www.museum-lichtenberg.de\/index.php\/angebote\/veranstaltungen\/577-konzept-zukunft-i-museum-lichtenberg\"><strong>Konzept Zukunft &#8211; Museum Lichtenberg<\/strong><\/a> &#8211; Mitarbeit an der Neukonzeption der Dauerausstellung des Museums Lichtenberg.<\/p>\n<p class=\"GZ\" style=\"text-align: left;\"><strong><a href=\"http:\/\/www.berlinstory.de\/verlag\/programm\/bezirke-kieze\/die-moderne-stadt-berlin-lichtenberg\/\">Die moderne Stadt Berlin-Lichtenberg<\/a><\/strong>. Ein Architekturf\u00fchrer &#8211; Mitautor und -herausgeber, Vortr\u00e4ge.<\/p>\n<p class=\"GZ\" style=\"text-align: left;\"><strong><a href=\"http:\/\/www.museum-lichtenberg.de\/index.php\/angebote\/archiv\/74-ausstellungsarchiv\/591-2016-geschichte-waisenhaus-rummelsburg\">Aufs angenehmste entt\u00e4uscht \u2013 Aus der Geschichte des Waisenhauses Rummelsburg<\/a>. <\/strong>Kuratorin Jeannette Wnuk, wissenschaftliche Mitarbeit und Redaktion der Ausstellungspublikation.<\/p>\n<p class=\"GZ\" style=\"text-align: left;\"><strong>&#8222;Anarchie und Keller(t)r\u00e4ume&#8220;<\/strong>, 30 Jahre Umwelt-Bibliothek Berlin, Robert-Havemann-Gesellschaft Berlin.<\/p>\n<p class=\"GZ\"><a href=\"http:\/\/www.menetekel.cz\/de\/\"><strong>Revolte und Widerstand<\/strong><\/a> &#8211; Pr\u00e4sentation der tschechischen \u00dcbersetzung der Ausstellung &#8222;Widerspenstig und widerst\u00e4ndig &#8211; Jugendkultur in Lichtenberg 1960-1999&#8220; auf dem Prager Festival Mene Tekel.<\/p>\n<p>\u00a0<\/p>\n<p class=\"GZ\">2015<\/p>\n<p class=\"GZ\"><strong><a href=\"http:\/\/www.berlinstory.de\/verlag\/programm\/bezirke-kieze\/kleine-prenzlauer-berg-geschichte\/\" target=\"_blank\" rel=\"noopener noreferrer\">Kleine Prenzlauer Berg-Geschichte<\/a><\/strong> Autor, Recherche, Fotografien, Vortr\u00e4ge.<\/p>\n<p class=\"GZ\"><strong>Werner Klemke<\/strong> &#8211; Ausstellung im KulturWagen der Brotfabrik Berlin, Kurator zusammen mit Anne Gubig, Recherche.<\/p>\n<p>\u00a0<\/p>\n<p class=\"GZ\">2014 <!--[endif]--><!-- [if !supportEmptyParas]--> <!--[endif]--><\/p>\n<p class=\"GZ\"><strong><a href=\"https:\/\/www.facebook.com\/Ausstellung.WiderspenstigundWiderstaendig\" target=\"_blank\" rel=\"noopener noreferrer\">Widerspenstig und widerst\u00e4ndig <\/a><\/strong>Jugendkultur in Lichtenberg 1960-1990. Eine Ausstellung im Lichtenberger Bezirksmuseum im Stadthaus. Kurator, Erarbeitung eines Begleitprogramms sowie einer Sch\u00fclerwerkstatt f\u00fcr die Sekundarklassen-stufen I und II.<\/p>\n<p class=\"GZ\"><strong><a href=\"\/Users\/TOSHIBA\/Downloads\/veranstaltungen_zum_25._jahrestag_von_revolution_und_mauerfall.pdf\" target=\"_blank\" rel=\"noopener noreferrer\">Mauern durchbrechen<\/a><\/strong> Veranstaltungen des Forums Erinnerungslandschaft Friedrichshain in Friedrichshain-Kreuzberg zum 25. Jahrestag von Revolution und Mauerfall. Organisation, Gespr\u00e4chsleitung, Stadtf\u00fchrungen.<\/p>\n<p class=\"GZ\"><strong>Gasometer sprengt man nicht!<\/strong> Ausstellung in der &#8222;Wabe&#8220; in Zusammenarbeit mit dem Glashaus e.V. in der Brotfabrik Pankow. Forschung, Recherche, Ausstellung und Publikation anl\u00e4sslich des 30. Jahrestags der Sprengung der Gasometer und der Errichtung des Ernst-Th\u00e4lmann-Parks im ehemaligen Gaswerk Prenzlauer Berg. Mit Petra Schr\u00f6ck und Florian Bielefeld.<\/p>\n<p>\u00a0<\/p>\n<p class=\"GZ\">2012-2014<\/p>\n<p class=\"GZ\"><strong><a href=\"http:\/\/www.zeitzeiger-berlin.de\/\">Nachtpott, Friedenskreis, AL\u00d8SA-Punks<\/a><\/strong> Offene Jugendarbeit, Friedensar-beit und Diakonie in der Berliner Erl\u00f6ser-Kirchengemeinde, Tagung, Publi-kation, Ausstellung, Homepage (in Zusammenarbeit mit dem Bezirks-museum Lichtenberg, der Fachhochschule Potsdam).<\/p>\n<p class=\"GZ\"><strong>Das letzte Friedensjahr &#8211; Kultur und Technik im deutschen Kaiserreich 1913\/1914<\/strong> (in Zusammenarbeit mit der Forschungsinitiative Europ\u00e4ische Kultur und Geschichte Berlin).<\/p>\n<p class=\"GZ\"><!-- [if !supportEmptyParas]--> <!--[endif]--><\/p>\n<p class=\"GZ\"><!-- [if !supportEmptyParas]--> <!--[endif]--><\/p>\n<p>\u00a0<\/p>\n<p class=\"GZ\">2013<\/p>\n<p class=\"GZ\"><a href=\"http:\/\/www.berlinstory.de\/verlag\/programm\/bezirke-kieze\/kleine-friedrichshaingeschichte\/\"><strong>Kleine Friedrichshaingeschichte <\/strong><\/a> Mitherausgeber und -autor einer Publikation auf Anregung der Bezirksverordnetenversammlung Friedrichshain-Kreuzberg im Auftrag des Bezirksmuseums Friedrichshain-Kreuzberg.<\/p>\n<p class=\"GZ\"><a href=\"https:\/\/www.museum-lichtenberg.de\/index.php\/angebote\/archiv\/74-ausstellungsarchiv\/75-725-jahre-lichtenberg\"><strong>Wissenschaftliche Mitarbeit <\/strong><\/a>bei der Ausstellung &#8222;775 Jahre Gr\u00fcndung von Lichtenberg&#8220; im Museum Lichtenberg.<\/p>\n<p class=\"GZ\"><!-- [if !supportEmptyParas]--> <!--[endif]--><\/p>\n<p class=\"GZ\"><!-- [if !supportEmptyParas]--> <!--[endif]--><\/p>\n<p>\u00a0<\/p>\n<p class=\"GZ\">Seit 2012<\/p>\n<p class=\"GZ\"><strong>Forum Erinnerungslandschaft Friedrichshain<\/strong> in Friedrichshain-Kreuzberg. Organisation.<\/p>\n<p>\u00a0<\/p>\n<p class=\"GZ\">2010-2012 <!--[endif]--><!-- [if !supportEmptyParas]--> <!--[endif]--><\/p>\n<p class=\"GZ\"><strong><a href=\"http:\/\/dhm-shop.de\/index.php?c=detail&amp;artikelnr=1288\" target=\"_blank\" rel=\"noopener noreferrer\">Wissenschaftliche Mitarbeit<\/a> <\/strong>im Deutschen Historischen Museum Berlin (Schwerpunkte: Mittelalter, Fr\u00fche Neuzeit und Die \u201ekleinen Leute\u201c in der deutschen Geschichte).<\/p>\n<p class=\"GZ\"><!-- [if !supportEmptyParas]--> <!--[endif]--><\/p>\n<p class=\"GZ\"><!-- [if !supportEmptyParas]--> <!--[endif]--><\/p>\n<p><strong>Beiratsmitglied<\/strong> bei der Ausstellung \u201eOrtsgespr\u00e4che\u201c im FHXB-Museum (Bezirksmuseum Friedrichshain-Kreuzberg).<\/p>\n<p class=\"GZ\"><strong><!-- [if !supportEmptyParas]--> <!--[endif]--><\/strong><\/p>\n<p class=\"GZ\"><strong><!-- [if !supportEmptyParas]--> <!--[endif]--><\/strong><\/p>\n<p>\u00a0<\/p>\n<p class=\"GZ\">2010<\/p>\n<p class=\"GZ\"><a href=\"https:\/\/www.jenakultur.de\/de\/aufgaben_und_service\/denkmal-_und_kunstfoerderung\/denkmal_fuer_die_verfolgten_1945-1989\/819249\"><strong>Denkmal<\/strong> <strong>\u201eZum Gedenken an die politisch Verfolgten und der so-wjetischen Besatzungs-zone (SBZ) <\/strong><strong>und in der DDR zwischen 1945 und 1989\u201c<\/strong><\/a> in Jena (Textbeitr\u00e4ge und Textredaktion der Internetpr\u00e4senz).<\/p>\n<p class=\"GZ\"><strong>Film-, Musik- und Zeitzeugenveranstaltungen <\/strong>im Jugend[widerstands]-museum Galil\u00e4a.<\/p>\n<p class=\"GZ\"><!-- [if !supportEmptyParas]--> <!--[endif]--><\/p>\n<p class=\"GZ\"><!-- [if !supportEmptyParas]--> <!--[endif]--><\/p>\n<p>\u00a0<\/p>\n<p class=\"GZ\">2009<\/p>\n<p class=\"GZ\"><strong>Projekt: \u201eNein, das mache ich nicht!\u201c<\/strong> Eigenst\u00e4ndige Arbeitsbiografien in der DDR (gef\u00f6rdert durch die Stiftung Aufarbeitung, Buch erschien 2010).<\/p>\n<p class=\"GZ\"><strong><!-- [if !supportEmptyParas]--> <!--[endif]--><\/strong><\/p>\n<p class=\"GZ\"><strong><!-- [if !supportEmptyParas]--> <!--[endif]--><\/strong><\/p>\n<p>\u00a0<\/p>\n<p class=\"GZ\">seit 2008<\/p>\n<p class=\"GZ\"><strong>Kurator, Dozent und wissenschaftlicher Mitarbeiter <\/strong>im Jugend[wider-stands]museum Galil\u00e4a-Kirche Berlin Friedrichshain.<\/p>\n<p class=\"GZ\"><strong>Redakteur bei der <em>Zeitschrift f\u00fcr Siebenb\u00fcrgische Landeskunde<\/em><\/strong> (Gundelsheim\/Neckar und Heidelberg).<\/p>\n<p class=\"GZ\"><strong><!-- [if !supportEmptyParas]--> <!--[endif]--><\/strong><\/p>\n<p class=\"GZ\"><strong><!-- [if !supportEmptyParas]--> <!--[endif]--><\/strong><\/p>\n<p>\u00a0<\/p>\n<p class=\"GZ\">2007<\/p>\n<p class=\"GZ\"><strong>Mitarbeit<\/strong> bei der Herausgabe des Quellenbuchs von Erich Diehl: <em>Scythica et Caucasica<\/em> in Zusammenarbeit mit der Bibliotheca-Classica St. Petersburg.<\/p>\n<p class=\"GZ\"><strong>Projekt:<\/strong> <strong>25 Jahre Friedenswerkstatt<\/strong> Initiator und Organisation (in Zusammenarbeit mit der Stiftung Aufarbeitung und der Robert-Havemann-Gesellschaft Berlin).<\/p>\n<p class=\"GZ\"><!-- [if !supportEmptyParas]--> <!--[endif]--><\/p>\n<p class=\"GZ\"><!-- [if !supportEmptyParas]--> <!--[endif]--><\/p>\n<p>\u00a0<\/p>\n<p class=\"GZ\">2000-2007<\/p>\n<p class=\"GZ\"><strong>Redakteur bei der Vierteljahreszeitschrift <em>Horch und Guck<\/em><\/strong>, zuletzt als leitender Redakteur.<\/p>\n<p class=\"GZ\"><!-- [if !supportEmptyParas]--> <!--[endif]--><\/p>\n<p class=\"GZ\"><!-- [if !supportEmptyParas]--> <!--[endif]--><\/p>\n<p>\u00a0<\/p>\n<p class=\"GZ\">seit 2006 &#8211; 2009<\/p>\n<p class=\"GZ\"><strong>Lese-Marathon in Berlin-Friedrichshain<\/strong> (Organisation, Begleitung der Autoren, Textlesung).<\/p>\n<p class=\"GZ\"><!-- [if !supportEmptyParas]--> <!--[endif]--><\/p>\n<p class=\"GZ\"><!-- [if !supportEmptyParas]--> <!--[endif]--><\/p>\n<p>\u00a0<\/p>\n<p class=\"GZ\">2004-2007<\/p>\n<p class=\"GZ\"><strong><strong>Promotion <\/strong><\/strong>mit &#8222;sehr gut&#8220; (\u201eDeutsches Stadtrecht in Siebenb\u00fcrgen. Korpora-tionsrecht, Stadtrecht, Bergrecht\u201c, Buch erschien 2009), NaF\u00f6g-Stipendiat des Landes Berlin, Stipendiat der Heinrich B\u00f6ll Stiftung.<\/p>\n<p class=\"GZ\"><!-- [if !supportEmptyParas]--> <!--[endif]--><\/p>\n<p class=\"GZ\"><!-- [if !supportEmptyParas]--> <!--[endif]--><\/p>\n<p>\u00a0<\/p>\n<p class=\"GZ\"><!-- [if !supportLists]-->1990-2007 <!--[endif]--><!-- [if !supportEmptyParas]--> <!--[endif]--><\/p>\n<p class=\"GZ\"><strong>Zahlreiche Studien- und Arbeitsaufenthalte<\/strong> in Ungarn und Rum\u00e4nien.<\/p>\n<p class=\"GZ\"><!-- [if !supportEmptyParas]--> <!--[endif]--><\/p>\n<p class=\"GZ\"><!-- [if !supportEmptyParas]--> <!--[endif]--><\/p>\n<p>\u00a0<\/p>\n<p class=\"GZ\">2005\/2006<\/p>\n<p class=\"GZ\"><strong>Projektleitung: Blues-Messe<\/strong> (Buch mit Text-, Bild- und Tondokumentation erschien 2008).<\/p>\n<p class=\"GZ\"><strong>Dozent an der Alice-Salomon-Fachhochschule Berlin <\/strong>(Vorbereitung der Studenten auf die Veranstaltung <em>25 Jahre Blues-Messe<\/em> und gemeinsame Produktion eines Films in Zusammenarbeit mit dem Kreuzberg-Museum, Film-CD erschien 2006).<\/p>\n<p class=\"GZ\"><strong>Projektleitung: <em>mensch macht erinnerung<\/em><\/strong>, Berliner Antifaschisten in Interviews aus den Jahr 1976 (Film, Feature, Textdokumentation, erschien 2007).<\/p>\n<p class=\"GZ\"><!-- [if !supportEmptyParas]--> <!--[endif]--><\/p>\n<p class=\"GZ\"><!-- [if !supportEmptyParas]--> <!--[endif]--><\/p>\n<p>\u00a0<\/p>\n<p class=\"GZ\">2002-2004<\/p>\n<p class=\"GZ\"><strong>Mehrsprachiges Editionsprojekt<\/strong> (deutsch, lateinisch, rum\u00e4nisch, unga-risch): <em>Schulgesetze in Siebenb\u00fcrgen im 19. Jahrhundert<\/em> an der Universit\u00e4t Jena (Archivrecherche und Ungarn und Rum\u00e4nien, Anleitung von ungarisch-en und rum\u00e4nischen Kollegen, Zusammenstellung des Quellen-konvoluts).<\/p>\n<p class=\"GZ\"><!-- [if !supportEmptyParas]--> <!--[endif]--><\/p>\n<p class=\"GZ\"><!-- [if !supportEmptyParas]--> <!--[endif]--><\/p>\n<p>\u00a0<\/p>\n<p class=\"GZ\">1999<\/p>\n<p class=\"GZ\"><strong>Praktikum <\/strong>in der Bundesbeh\u00f6rde f\u00fcr die Unterlagen des MfS der DDR \u2013 Publizierung der Arbeit im Dezember 2002 (Arbeit erschien 2002).<\/p>\n<p class=\"MsoBodyText\"><!-- [if !supportEmptyParas]--> <!--[endif]--><\/p>\n<p class=\"MsoBodyText\"><!-- [if !supportEmptyParas]--> <!--[endif]--><\/p>\n<p>\u00a0<\/p>\n<p class=\"MsoBodyText\">1997-2002<\/p>\n<p class=\"MsoBodyText\"><strong>Studium, Abschluss Historiker M.A.<\/strong> im Juni 2002 mit \u201esehr gut\u201c (Mittelalterliche Geschichte, Neue Geschichte und Osteuropastudien).<\/p>\n<p class=\"MsoBodyText\"><!-- [if !supportEmptyParas]--> <!--[endif]--><\/p>\n<p class=\"MsoBodyText\"><!-- [if !supportEmptyParas]--> <!--[endif]--><\/p>\n<p>\u00a0<\/p>\n<p class=\"MsoBodyText\">1993-1997<\/p>\n<p class=\"MsoBodyText\"><strong>Freier Mitarbeiter<\/strong> in verschiedenen Verlagen, Kulturinstitutionen und Pro-jekten. Vereinsleiter \u201eFr\u00f6hliche Friedrichshainer\u201c e. V. (soziokulturelles Stadtteil-Projekt).<\/p>\n<p class=\"MsoBodyText\"><!-- [if !supportEmptyParas]--> <!--[endif]--><\/p>\n<p class=\"MsoBodyText\"><!-- [if !supportEmptyParas]--> <!--[endif]--><\/p>\n<p>\u00a0<\/p>\n<p class=\"MsoBodyText\">1991-1993<\/p>\n<p class=\"MsoBodyText\"><strong>Bibliothekar<\/strong> beim Kulturamt Mitte.<\/p>\n<p class=\"MsoBodyText\"><!-- [if !supportEmptyParas]--> <!--[endif]--><\/p>\n<p class=\"MsoBodyText\"><!-- [if !supportEmptyParas]--> <!--[endif]--><\/p>\n<p>\u00a0<\/p>\n<p class=\"MsoBodyText\">1984-1991<\/p>\n<p class=\"MsoBodyText\"><strong>Hauswirtschaftspfleger<\/strong> bei der Volkssolidarit\u00e4t Berlin.<\/p>\n<p class=\"MsoBodyText\">W\u00e4hrend dieser Zeit (1983 bis 1989):<\/p>\n<p class=\"MsoBodyText\"><strong>Organisation von Bildungs-, Kultur-, und Informationsveranstal-tungen <\/strong>bei der Offenen Jugendarbeit Berlin, der Kirche von Unten, und der Umweltbibliothek Berlin, Theater- und Bandprojekte.<\/p>\n<p>\u00a0<\/p>\n<p class=\"MsoBodyText\">Seit 1985<\/p>\n<p class=\"MsoBodyText\"><strong>Gr\u00fcnder und Herausgeber<\/strong> der Zeitschrift <em>moaning star<\/em> und Mitarbeit an weiteren Zeitschriften und Publikationen des SED-kritischen Samisdat.<\/p>\n<p class=\"MsoBodyText\"><!-- [if !supportEmptyParas]--> <!--[endif]--><\/p>\n<p class=\"MsoBodyText\"><!-- [if !supportEmptyParas]--> <!--[endif]--><\/p>\n<p>\u00a0<\/p>\n<p class=\"MsoBodyText\">1980-1984<\/p>\n<p class=\"MsoNormal\"><strong>Uhrmacher<\/strong> im VEB Service-Zentrum Berlin (Ost). Lehre als Uhrmacher.<\/p>\n\n\n<p><\/p>\n","protected":false},"excerpt":{"rendered":"<p>Wichtigste Etappen meiner beruflichen Entwicklung: \u00a0 2023\/24 Ausstellung: Die letzte Parade. 30 Jahre Abzug der russischen Truppen aus Berlin, Kuration zusammen mit Dr. Ricardo Neuner, Museum Lichtenberg\u00a0 Ausstellung: &#8222;So konnte sie nicht bleiben!&#8220; 40 Jahre Malaktion im Storkower Tunnel, Kuration zusammen mit Katrin Siebeck (Idee und k\u00fcnstlerische Leitung, Portr\u00e4ts der Tunnelmalerinnen und -maler) und Anne-Isabelle [&hellip;]<\/p>\n","protected":false},"author":1,"featured_media":0,"parent":0,"menu_order":2,"comment_status":"closed","ping_status":"closed","template":"","meta":[],"_links":{"self":[{"href":"http:\/\/www.dirk-moldt.de\/index.php?rest_route=\/wp\/v2\/pages\/2"}],"collection":[{"href":"http:\/\/www.dirk-moldt.de\/index.php?rest_route=\/wp\/v2\/pages"}],"about":[{"href":"http:\/\/www.dirk-moldt.de\/index.php?rest_route=\/wp\/v2\/types\/page"}],"author":[{"embeddable":true,"href":"http:\/\/www.dirk-moldt.de\/index.php?rest_route=\/wp\/v2\/users\/1"}],"replies":[{"embeddable":true,"href":"http:\/\/www.dirk-moldt.de\/index.php?rest_route=%2Fwp%2Fv2%2Fcomments&post=2"}],"version-history":[{"count":91,"href":"http:\/\/www.dirk-moldt.de\/index.php?rest_route=\/wp\/v2\/pages\/2\/revisions"}],"predecessor-version":[{"id":368,"href":"http:\/\/www.dirk-moldt.de\/index.php?rest_route=\/wp\/v2\/pages\/2\/revisions\/368"}],"wp:attachment":[{"href":"http:\/\/www.dirk-moldt.de\/index.php?rest_route=%2Fwp%2Fv2%2Fmedia&parent=2"}],"curies":[{"name":"wp","href":"https:\/\/api.w.org\/{rel}","templated":true}]}}